{"id":265294,"date":"2022-04-12T23:23:32","date_gmt":"2022-04-13T03:23:32","guid":{"rendered":"https:\/\/leventdunord.com\/projects\/les-voix-du-vent-avec-cordes-et-piano\/"},"modified":"2025-12-21T20:09:58","modified_gmt":"2025-12-22T01:09:58","slug":"les-voix-du-vent-avec-cordes-et-piano","status":"publish","type":"page","link":"https:\/\/leventdunord.com\/en\/projects\/les-voix-du-vent-avec-cordes-et-piano\/","title":{"rendered":"Les Voix du Vent avec Cordes et Piano"},"content":{"rendered":"\t\t<div data-elementor-type=\"wp-page\" data-elementor-id=\"265294\" class=\"elementor elementor-265294 elementor-264232\" data-elementor-post-type=\"page\">\n\t\t\t\t<div class=\"elementor-element elementor-element-30a56a6 e-con-full elementor-hidden-mobile e-flex e-con e-parent\" data-id=\"30a56a6\" data-element_type=\"container\" data-e-type=\"container\" data-settings=\"{&quot;background_background&quot;:&quot;video&quot;,&quot;background_video_link&quot;:&quot;https:\\\/\\\/www.youtube.com\\\/watch?v=svVVS_yp1nM&quot;,&quot;background_video_start&quot;:20,&quot;background_play_on_mobile&quot;:&quot;yes&quot;,&quot;background_privacy_mode&quot;:&quot;yes&quot;}\">\n\t\t<div class=\"elementor-background-video-container\">\n\t\t\t\t\t\t\t<div class=\"elementor-background-video-embed\" role=\"presentation\"><\/div>\n\t\t\t\t\t\t<\/div>\t\t<\/div>\n\t\t<div class=\"elementor-element elementor-element-f841b93 e-con-full e-flex e-con e-parent\" data-id=\"f841b93\" data-element_type=\"container\" data-e-type=\"container\" data-settings=\"{&quot;background_background&quot;:&quot;classic&quot;}\">\n\t\t<div class=\"elementor-element elementor-element-cbb9845 e-con-full e-flex e-con e-child\" data-id=\"cbb9845\" data-element_type=\"container\" data-e-type=\"container\" data-settings=\"{&quot;background_background&quot;:&quot;slideshow&quot;,&quot;background_slideshow_gallery&quot;:[{&quot;id&quot;:269411,&quot;url&quot;:&quot;https:\\\/\\\/leventdunord.com\\\/wp-content\\\/uploads\\\/2025\\\/11\\\/13-les-voix-du-vent-photo-aramusique.jpg&quot;},{&quot;id&quot;:268054,&quot;url&quot;:&quot;https:\\\/\\\/leventdunord.com\\\/wp-content\\\/uploads\\\/2024\\\/03\\\/les-voix-du-vent-2023-spectacle-a71p0234.jpg&quot;},{&quot;id&quot;:269407,&quot;url&quot;:&quot;https:\\\/\\\/leventdunord.com\\\/wp-content\\\/uploads\\\/2025\\\/11\\\/11-les-voix-du-vent-photo-aramusique.jpg&quot;},{&quot;id&quot;:269415,&quot;url&quot;:&quot;https:\\\/\\\/leventdunord.com\\\/wp-content\\\/uploads\\\/2025\\\/11\\\/15-les-voix-du-vent-photo-aramusique.jpg&quot;},{&quot;id&quot;:269409,&quot;url&quot;:&quot;https:\\\/\\\/leventdunord.com\\\/wp-content\\\/uploads\\\/2025\\\/11\\\/12-les-voix-du-vent-photo-aramusique.jpg&quot;},{&quot;id&quot;:269413,&quot;url&quot;:&quot;https:\\\/\\\/leventdunord.com\\\/wp-content\\\/uploads\\\/2025\\\/11\\\/14-les-voix-du-vent-photo-aramusique.jpg&quot;}],&quot;background_slideshow_ken_burns&quot;:&quot;yes&quot;,&quot;background_slideshow_loop&quot;:&quot;yes&quot;,&quot;background_slideshow_slide_duration&quot;:5000,&quot;background_slideshow_slide_transition&quot;:&quot;fade&quot;,&quot;background_slideshow_transition_duration&quot;:500,&quot;background_slideshow_ken_burns_zoom_direction&quot;:&quot;in&quot;}\">\n\t\t\t\t<\/div>\n\t\t<div class=\"elementor-element elementor-element-7890969 e-con-full e-flex e-con e-child\" data-id=\"7890969\" data-element_type=\"container\" data-e-type=\"container\" data-settings=\"{&quot;background_background&quot;:&quot;classic&quot;}\">\n\t\t\t\t<div class=\"elementor-element elementor-element-d3eb44c animated-slow elementor-invisible elementor-widget elementor-widget-heading\" data-id=\"d3eb44c\" data-element_type=\"widget\" data-e-type=\"widget\" data-settings=\"{&quot;_animation&quot;:&quot;fadeIn&quot;,&quot;_animation_delay&quot;:100}\" data-widget_type=\"heading.default\">\n\t\t\t\t<div class=\"elementor-widget-container\">\n\t\t\t\t\t<h1 class=\"elementor-heading-title elementor-size-default\">LES VOIX DU VENTAVEC CORDES ET PIANO<\/h1>\t\t\t\t<\/div>\n\t\t\t\t<\/div>\n\t\t\t\t<div class=\"elementor-element elementor-element-1c93656 elementor-widget-divider--view-line elementor-widget elementor-widget-divider\" data-id=\"1c93656\" data-element_type=\"widget\" data-e-type=\"widget\" data-widget_type=\"divider.default\">\n\t\t\t\t<div class=\"elementor-widget-container\">\n\t\t\t\t\t\t\t<div class=\"elementor-divider\">\n\t\t\t<span class=\"elementor-divider-separator\">\n\t\t\t\t\t\t<\/span>\n\t\t<\/div>\n\t\t\t\t\t\t<\/div>\n\t\t\t\t<\/div>\n\t\t<div class=\"elementor-element elementor-element-a3f782d e-con-full e-flex e-con e-child\" data-id=\"a3f782d\" data-element_type=\"container\" data-e-type=\"container\">\n\t\t<div class=\"elementor-element elementor-element-37cde51 e-con-full e-flex e-con e-child\" data-id=\"37cde51\" data-element_type=\"container\" data-e-type=\"container\">\n\t\t\t\t<div class=\"elementor-element elementor-element-c4d7fea elementor-widget elementor-widget-html\" data-id=\"c4d7fea\" data-element_type=\"widget\" data-e-type=\"widget\" data-widget_type=\"html.default\">\n\t\t\t\t<div class=\"elementor-widget-container\">\n\t\t\t\t\t<iframe style=\"border: 0; width: 240px; height: 240px;\" src=\"https:\/\/bandcamp.com\/EmbeddedPlayer\/album=1640910826\/size=large\/bgcol=ffffff\/linkcol=333333\/minimal=true\/transparent=true\/\" seamless><a href=\"https:\/\/leventdunord.bandcamp.com\/album\/les-voix-du-vent-avec-cordes-et-piano\" target=\"_blank\" rel=\"noopener\">Les Voix du Vent avec cordes et piano by Le Vent du Nord, Le Quatuor Trad, Philippe Prud'homme<\/a><\/iframe>\t\t\t\t<\/div>\n\t\t\t\t<\/div>\n\t\t\t\t<\/div>\n\t\t<div class=\"elementor-element elementor-element-acda90b e-con-full e-flex e-con e-child\" data-id=\"acda90b\" data-element_type=\"container\" data-e-type=\"container\">\n\t\t\t\t<div class=\"elementor-element elementor-element-e715e51 elementor-widget elementor-widget-text-editor\" data-id=\"e715e51\" data-element_type=\"widget\" data-e-type=\"widget\" data-widget_type=\"text-editor.default\">\n\t\t\t\t<div class=\"elementor-widget-container\">\n\t\t\t\t\t\t\t\t\t<p>Special project of meeting between folk and classic. <a href=\"https:\/\/espaceparallele.ca\/produit-categorie\/artistes\/le-vent-du-nord\/\" target=\"_blank\" rel=\"noopener\"><span style=\"color: #926059;\">Le Vent du Nord<\/span><\/a>, the Trad quartet, and the pianist <a href=\"https:\/\/espaceparallele.ca\/produit-categorie\/artistes\/duo-beaudry-prudhomme\/\" target=\"_blank\" rel=\"noopener\"><span style=\"color: #926059;\">Philippe Prud\u2019homme<\/span><\/a>.<\/p>\n<p><\/p>\n<p><strong>Traditional album of the year 2023\u00a0(<\/strong>ADISQ)<\/p>\n\t\t\t\t\t\t\t\t<\/div>\n\t\t\t\t<\/div>\n\t\t\t\t<div class=\"elementor-element elementor-element-11077eb elementor-align-left elementor-widget elementor-widget-button\" data-id=\"11077eb\" data-element_type=\"widget\" data-e-type=\"widget\" data-widget_type=\"button.default\">\n\t\t\t\t<div class=\"elementor-widget-container\">\n\t\t\t\t\t\t\t\t\t<div class=\"elementor-button-wrapper\">\n\t\t\t\t\t<a class=\"elementor-button elementor-button-link elementor-size-md\" href=\"https:\/\/espaceparallele.ca\/en\/product\/les-voix-du-vent-avec-cordes-et-piano\/\" target=\"_blank\" rel=\"noopener\">\n\t\t\t\t\t\t<span class=\"elementor-button-content-wrapper\">\n\t\t\t\t\t\t<span class=\"elementor-button-icon\">\n\t\t\t\t<svg aria-hidden=\"true\" class=\"e-font-icon-svg e-fas-shopping-cart\" viewBox=\"0 0 576 512\" xmlns=\"http:\/\/www.w3.org\/2000\/svg\"><path d=\"M528.12 301.319l47.273-208C578.806 78.301 567.391 64 551.99 64H159.208l-9.166-44.81C147.758 8.021 137.93 0 126.529 0H24C10.745 0 0 10.745 0 24v16c0 13.255 10.745 24 24 24h69.883l70.248 343.435C147.325 417.1 136 435.222 136 456c0 30.928 25.072 56 56 56s56-25.072 56-56c0-15.674-6.447-29.835-16.824-40h209.647C430.447 426.165 424 440.326 424 456c0 30.928 25.072 56 56 56s56-25.072 56-56c0-22.172-12.888-41.332-31.579-50.405l5.517-24.276c3.413-15.018-8.002-29.319-23.403-29.319H218.117l-6.545-32h293.145c11.206 0 20.92-7.754 23.403-18.681z\"><\/path><\/svg>\t\t\t<\/span>\n\t\t\t\t\t\t\t\t\t<span class=\"elementor-button-text\">Buy<\/span>\n\t\t\t\t\t<\/span>\n\t\t\t\t\t<\/a>\n\t\t\t\t<\/div>\n\t\t\t\t\t\t\t\t<\/div>\n\t\t\t\t<\/div>\n\t\t\t\t<\/div>\n\t\t\t\t<\/div>\n\t\t\t\t<\/div>\n\t\t\t\t<\/div>\n\t\t<div class=\"elementor-element elementor-element-9ee0afc e-con-full e-flex e-con e-parent\" data-id=\"9ee0afc\" data-element_type=\"container\" data-e-type=\"container\" data-settings=\"{&quot;background_background&quot;:&quot;classic&quot;}\">\n\t\t<div class=\"elementor-element elementor-element-72f5eb0 e-con-full e-flex e-con e-child\" data-id=\"72f5eb0\" data-element_type=\"container\" data-e-type=\"container\">\n\t\t\t\t<div class=\"elementor-element elementor-element-326de9b animated-slow elementor-invisible elementor-widget elementor-widget-heading\" data-id=\"326de9b\" data-element_type=\"widget\" data-e-type=\"widget\" data-settings=\"{&quot;_animation&quot;:&quot;fadeIn&quot;,&quot;_animation_delay&quot;:100}\" data-widget_type=\"heading.default\">\n\t\t\t\t<div class=\"elementor-widget-container\">\n\t\t\t\t\t<h2 class=\"elementor-heading-title elementor-size-default\">Quotes<\/h2>\t\t\t\t<\/div>\n\t\t\t\t<\/div>\n\t\t<div class=\"elementor-element elementor-element-cbd7311 e-con-full e-flex e-con e-child\" data-id=\"cbd7311\" data-element_type=\"container\" data-e-type=\"container\">\n\t\t<div class=\"elementor-element elementor-element-184f710 e-con-full e-flex e-con e-child\" data-id=\"184f710\" data-element_type=\"container\" data-e-type=\"container\">\n\t\t\t\t<div class=\"elementor-element elementor-element-579996e elementor-widget elementor-widget-text-editor\" data-id=\"579996e\" data-element_type=\"widget\" data-e-type=\"widget\" data-widget_type=\"text-editor.default\">\n\t\t\t\t<div class=\"elementor-widget-container\">\n\t\t\t\t\t\t\t\t\t<p>\u201cThe combination of classical and traditional music here is disconcertingly natural. And frankly amazing. The piano is just right, even in its desire for modernity, while the strings make subtle and poignant shifts that, melodically and harmonically, embrace centuries of Western music. Without losing the folk roots of the pieces\u201d.<\/p>\n\t\t\t\t\t\t\t\t<\/div>\n\t\t\t\t<\/div>\n\t\t\t\t<div class=\"elementor-element elementor-element-a65f9dd elementor-widget elementor-widget-text-editor\" data-id=\"a65f9dd\" data-element_type=\"widget\" data-e-type=\"widget\" data-widget_type=\"text-editor.default\">\n\t\t\t\t<div class=\"elementor-widget-container\">\n\t\t\t\t\t\t\t\t\t<p>\u2014 Alexandre Vigneault, <strong>LA PRESSE<\/strong> (March 10, 2023)<\/p>\n\t\t\t\t\t\t\t\t<\/div>\n\t\t\t\t<\/div>\n\t\t\t\t<\/div>\n\t\t<div class=\"elementor-element elementor-element-3c21796 e-con-full e-flex e-con e-child\" data-id=\"3c21796\" data-element_type=\"container\" data-e-type=\"container\">\n\t\t\t\t<div class=\"elementor-element elementor-element-65c4c72 elementor-widget elementor-widget-text-editor\" data-id=\"65c4c72\" data-element_type=\"widget\" data-e-type=\"widget\" data-widget_type=\"text-editor.default\">\n\t\t\t\t<div class=\"elementor-widget-container\">\n\t\t\t\t\t\t\t\t\t<p>\u201cIt\u2019s a thing of beauty. The restraint of Louisbourg, the urgency of Lettre \u00e0 Durham, the piano and violins cadenced by the feet of traditionalists, the rich orchestrations of the amusing Riton \u2013 C\u2019est dans Paris, the proposition charms. Above all, the album helps us to understand that our music, Quebec\u2019s traditional music, also has the complexity and eloquence of the great classical works\u201d<\/p>\n\t\t\t\t\t\t\t\t<\/div>\n\t\t\t\t<\/div>\n\t\t\t\t<div class=\"elementor-element elementor-element-47b2aa3 elementor-widget elementor-widget-text-editor\" data-id=\"47b2aa3\" data-element_type=\"widget\" data-e-type=\"widget\" data-widget_type=\"text-editor.default\">\n\t\t\t\t<div class=\"elementor-widget-container\">\n\t\t\t\t\t\t\t\t\t<p>\u2014 Philippe Renaud,\u00a0<strong>LE DEVOIR<\/strong>\u00a0(March, 17, 2023)<\/p>\n\t\t\t\t\t\t\t\t<\/div>\n\t\t\t\t<\/div>\n\t\t\t\t<\/div>\n\t\t\t\t<\/div>\n\t\t\t\t<\/div>\n\t\t\t\t<\/div>\n\t\t<div class=\"elementor-element elementor-element-f78919a e-flex e-con-boxed e-con e-parent\" data-id=\"f78919a\" data-element_type=\"container\" data-e-type=\"container\" data-settings=\"{&quot;background_background&quot;:&quot;classic&quot;}\">\n\t\t\t\t\t<div class=\"e-con-inner\">\n\t\t<div class=\"elementor-element elementor-element-56dfee6 e-con-full e-flex e-con e-child\" data-id=\"56dfee6\" data-element_type=\"container\" data-e-type=\"container\">\n\t\t\t\t<div class=\"elementor-element elementor-element-7dc5e85 elementor-widget elementor-widget-heading\" data-id=\"7dc5e85\" data-element_type=\"widget\" data-e-type=\"widget\" data-widget_type=\"heading.default\">\n\t\t\t\t<div class=\"elementor-widget-container\">\n\t\t\t\t\t<h2 class=\"elementor-heading-title elementor-size-default\">The world-renowned group Le Vent du Nord is recognized for its exceptional vocal harmonies.<\/h2>\t\t\t\t<\/div>\n\t\t\t\t<\/div>\n\t\t\t\t<div class=\"elementor-element elementor-element-578700f elementor-widget elementor-widget-text-editor\" data-id=\"578700f\" data-element_type=\"widget\" data-e-type=\"widget\" data-widget_type=\"text-editor.default\">\n\t\t\t\t<div class=\"elementor-widget-container\">\n\t\t\t\t\t\t\t\t\t<p>In this retrospective of songs from the group\u2019s different albums, this concept allows you to discover a new work from the classical repertoire for vocal quintet, string quartet and piano. The Trad Quartet (Marie-Pierre Lecault, \u00c9milie Br\u00fbl\u00e9, Sophie Coderre and Josianne Laberge) and pianist Philippe Prud\u2019homme accompany the 5 singers for our greatest pleasure.<\/p>\n\t\t\t\t\t\t\t\t<\/div>\n\t\t\t\t<\/div>\n\t\t\t\t<\/div>\n\t\t\t\t\t<\/div>\n\t\t\t\t<\/div>\n\t\t<div class=\"elementor-element elementor-element-79d6213 e-flex e-con-boxed e-con e-parent\" data-id=\"79d6213\" data-element_type=\"container\" data-e-type=\"container\">\n\t\t\t\t\t<div class=\"e-con-inner\">\n\t\t\t\t<div class=\"elementor-element elementor-element-58b21ad animated-slow elementor-invisible elementor-widget elementor-widget-heading\" data-id=\"58b21ad\" data-element_type=\"widget\" data-e-type=\"widget\" data-settings=\"{&quot;_animation&quot;:&quot;fadeIn&quot;,&quot;_animation_delay&quot;:100}\" data-widget_type=\"heading.default\">\n\t\t\t\t<div class=\"elementor-widget-container\">\n\t\t\t\t\t<h2 class=\"elementor-heading-title elementor-size-default\">Videos<\/h2>\t\t\t\t<\/div>\n\t\t\t\t<\/div>\n\t\t\t\t\t<\/div>\n\t\t\t\t<\/div>\n\t\t<div class=\"elementor-element elementor-element-ea7e9ad e-grid e-con-boxed e-con e-parent\" data-id=\"ea7e9ad\" data-element_type=\"container\" data-e-type=\"container\">\n\t\t\t\t\t<div class=\"e-con-inner\">\n\t\t\t\t<div class=\"elementor-element elementor-element-560dad8 elementor-widget elementor-widget-video\" data-id=\"560dad8\" data-element_type=\"widget\" data-e-type=\"widget\" data-settings=\"{&quot;youtube_url&quot;:&quot;https:\\\/\\\/www.youtube.com\\\/watch?v=svVVS_yp1nM&quot;,&quot;yt_privacy&quot;:&quot;yes&quot;,&quot;video_type&quot;:&quot;youtube&quot;,&quot;controls&quot;:&quot;yes&quot;}\" data-widget_type=\"video.default\">\n\t\t\t\t<div class=\"elementor-widget-container\">\n\t\t\t\t\t\t\t<div class=\"elementor-wrapper elementor-open-inline\">\n\t\t\t<div class=\"elementor-video\"><\/div>\t\t<\/div>\n\t\t\t\t\t\t<\/div>\n\t\t\t\t<\/div>\n\t\t\t\t<div class=\"elementor-element elementor-element-eabc44a elementor-widget elementor-widget-video\" data-id=\"eabc44a\" data-element_type=\"widget\" data-e-type=\"widget\" data-settings=\"{&quot;youtube_url&quot;:&quot;https:\\\/\\\/www.youtube.com\\\/watch?v=PZErK4Lp5JU&quot;,&quot;yt_privacy&quot;:&quot;yes&quot;,&quot;video_type&quot;:&quot;youtube&quot;,&quot;controls&quot;:&quot;yes&quot;}\" data-widget_type=\"video.default\">\n\t\t\t\t<div class=\"elementor-widget-container\">\n\t\t\t\t\t\t\t<div class=\"elementor-wrapper elementor-open-inline\">\n\t\t\t<div class=\"elementor-video\"><\/div>\t\t<\/div>\n\t\t\t\t\t\t<\/div>\n\t\t\t\t<\/div>\n\t\t\t\t<div class=\"elementor-element elementor-element-2b21ce9 elementor-widget elementor-widget-video\" data-id=\"2b21ce9\" data-element_type=\"widget\" data-e-type=\"widget\" data-settings=\"{&quot;youtube_url&quot;:&quot;https:\\\/\\\/www.youtube.com\\\/watch?v=AhL0-vL1zmo&quot;,&quot;yt_privacy&quot;:&quot;yes&quot;,&quot;video_type&quot;:&quot;youtube&quot;,&quot;controls&quot;:&quot;yes&quot;}\" data-widget_type=\"video.default\">\n\t\t\t\t<div class=\"elementor-widget-container\">\n\t\t\t\t\t\t\t<div class=\"elementor-wrapper elementor-open-inline\">\n\t\t\t<div class=\"elementor-video\"><\/div>\t\t<\/div>\n\t\t\t\t\t\t<\/div>\n\t\t\t\t<\/div>\n\t\t\t\t<div class=\"elementor-element elementor-element-6000bec elementor-widget elementor-widget-video\" data-id=\"6000bec\" data-element_type=\"widget\" data-e-type=\"widget\" data-settings=\"{&quot;youtube_url&quot;:&quot;https:\\\/\\\/www.youtube.com\\\/watch?v=M2HM_p7P5ns&quot;,&quot;yt_privacy&quot;:&quot;yes&quot;,&quot;video_type&quot;:&quot;youtube&quot;,&quot;controls&quot;:&quot;yes&quot;}\" data-widget_type=\"video.default\">\n\t\t\t\t<div class=\"elementor-widget-container\">\n\t\t\t\t\t\t\t<div class=\"elementor-wrapper elementor-open-inline\">\n\t\t\t<div class=\"elementor-video\"><\/div>\t\t<\/div>\n\t\t\t\t\t\t<\/div>\n\t\t\t\t<\/div>\n\t\t\t\t\t<\/div>\n\t\t\t\t<\/div>\n\t\t<div class=\"elementor-element elementor-element-1073be7 e-con-full e-flex e-con e-parent\" data-id=\"1073be7\" data-element_type=\"container\" data-e-type=\"container\" data-settings=\"{&quot;background_background&quot;:&quot;classic&quot;}\">\n\t\t<div class=\"elementor-element elementor-element-242026c e-con-full e-flex e-con e-child\" data-id=\"242026c\" data-element_type=\"container\" data-e-type=\"container\">\n\t\t\t\t<div class=\"elementor-element elementor-element-f96e31b animated-slow elementor-invisible elementor-widget elementor-widget-heading\" data-id=\"f96e31b\" data-element_type=\"widget\" data-e-type=\"widget\" data-settings=\"{&quot;_animation&quot;:&quot;fadeIn&quot;,&quot;_animation_delay&quot;:100}\" data-widget_type=\"heading.default\">\n\t\t\t\t<div class=\"elementor-widget-container\">\n\t\t\t\t\t<h2 class=\"elementor-heading-title elementor-size-default\">Photos<\/h2>\t\t\t\t<\/div>\n\t\t\t\t<\/div>\n\t\t\t\t<div class=\"elementor-element elementor-element-2660f2b elementor-widget elementor-widget-gallery\" data-id=\"2660f2b\" data-element_type=\"widget\" data-e-type=\"widget\" data-settings=\"{&quot;gap&quot;:{&quot;unit&quot;:&quot;px&quot;,&quot;size&quot;:15,&quot;sizes&quot;:[]},&quot;columns&quot;:3,&quot;gallery_layout&quot;:&quot;masonry&quot;,&quot;columns_tablet&quot;:2,&quot;columns_mobile&quot;:1,&quot;gap_tablet&quot;:{&quot;unit&quot;:&quot;px&quot;,&quot;size&quot;:10,&quot;sizes&quot;:[]},&quot;gap_mobile&quot;:{&quot;unit&quot;:&quot;px&quot;,&quot;size&quot;:10,&quot;sizes&quot;:[]},&quot;link_to&quot;:&quot;file&quot;,&quot;overlay_background&quot;:&quot;yes&quot;,&quot;content_hover_animation&quot;:&quot;fade-in&quot;}\" data-widget_type=\"gallery.default\">\n\t\t\t\t<div class=\"elementor-widget-container\">\n\t\t\t\t\t\t\t<div class=\"elementor-gallery__container\">\n\t\t\t\t\t\t\t<a class=\"e-gallery-item elementor-gallery-item elementor-animated-content\" href=\"https:\/\/leventdunord.com\/wp-content\/uploads\/2025\/11\/15-les-voix-du-vent-photo-aramusique.jpg\" data-elementor-open-lightbox=\"yes\" data-elementor-lightbox-slideshow=\"2660f2b\" data-elementor-lightbox-title=\"15-les-voix-du-vent-photo-aramusique\" data-e-action-hash=\"#elementor-action%3Aaction%3Dlightbox%26settings%3DeyJpZCI6MjY5NDE1LCJ1cmwiOiJodHRwczpcL1wvbGV2ZW50ZHVub3JkLmNvbVwvd3AtY29udGVudFwvdXBsb2Fkc1wvMjAyNVwvMTFcLzE1LWxlcy12b2l4LWR1LXZlbnQtcGhvdG8tYXJhbXVzaXF1ZS5qcGciLCJzbGlkZXNob3ciOiIyNjYwZjJiIn0%3D\">\n\t\t\t\t\t<div class=\"e-gallery-image elementor-gallery-item__image\" data-thumbnail=\"https:\/\/leventdunord.com\/wp-content\/uploads\/2025\/11\/15-les-voix-du-vent-photo-aramusique-600x400.jpg\" data-width=\"600\" data-height=\"400\" aria-label=\"\" role=\"img\" ><\/div>\n\t\t\t\t\t\t\t\t\t\t\t<div class=\"elementor-gallery-item__overlay\"><\/div>\n\t\t\t\t\t\t\t\t\t\t\t\t\t\t<\/a>\n\t\t\t\t\t\t\t<a class=\"e-gallery-item elementor-gallery-item elementor-animated-content\" href=\"https:\/\/leventdunord.com\/wp-content\/uploads\/2025\/11\/10-les-voix-du-vent-photo-aramusique.jpg\" data-elementor-open-lightbox=\"yes\" data-elementor-lightbox-slideshow=\"2660f2b\" data-elementor-lightbox-title=\"10-les-voix-du-vent-photo-aramusique\" data-e-action-hash=\"#elementor-action%3Aaction%3Dlightbox%26settings%3DeyJpZCI6MjY5NDA1LCJ1cmwiOiJodHRwczpcL1wvbGV2ZW50ZHVub3JkLmNvbVwvd3AtY29udGVudFwvdXBsb2Fkc1wvMjAyNVwvMTFcLzEwLWxlcy12b2l4LWR1LXZlbnQtcGhvdG8tYXJhbXVzaXF1ZS5qcGciLCJzbGlkZXNob3ciOiIyNjYwZjJiIn0%3D\">\n\t\t\t\t\t<div class=\"e-gallery-image elementor-gallery-item__image\" data-thumbnail=\"https:\/\/leventdunord.com\/wp-content\/uploads\/2025\/11\/10-les-voix-du-vent-photo-aramusique-600x400.jpg\" data-width=\"600\" data-height=\"400\" aria-label=\"\" role=\"img\" ><\/div>\n\t\t\t\t\t\t\t\t\t\t\t<div class=\"elementor-gallery-item__overlay\"><\/div>\n\t\t\t\t\t\t\t\t\t\t\t\t\t\t<\/a>\n\t\t\t\t\t\t\t<a class=\"e-gallery-item elementor-gallery-item elementor-animated-content\" href=\"https:\/\/leventdunord.com\/wp-content\/uploads\/2025\/11\/13-les-voix-du-vent-photo-aramusique.jpg\" data-elementor-open-lightbox=\"yes\" data-elementor-lightbox-slideshow=\"2660f2b\" data-elementor-lightbox-title=\"13-les-voix-du-vent-photo-aramusique\" data-e-action-hash=\"#elementor-action%3Aaction%3Dlightbox%26settings%3DeyJpZCI6MjY5NDExLCJ1cmwiOiJodHRwczpcL1wvbGV2ZW50ZHVub3JkLmNvbVwvd3AtY29udGVudFwvdXBsb2Fkc1wvMjAyNVwvMTFcLzEzLWxlcy12b2l4LWR1LXZlbnQtcGhvdG8tYXJhbXVzaXF1ZS5qcGciLCJzbGlkZXNob3ciOiIyNjYwZjJiIn0%3D\">\n\t\t\t\t\t<div class=\"e-gallery-image elementor-gallery-item__image\" data-thumbnail=\"https:\/\/leventdunord.com\/wp-content\/uploads\/2025\/11\/13-les-voix-du-vent-photo-aramusique-600x400.jpg\" data-width=\"600\" data-height=\"400\" aria-label=\"\" role=\"img\" ><\/div>\n\t\t\t\t\t\t\t\t\t\t\t<div class=\"elementor-gallery-item__overlay\"><\/div>\n\t\t\t\t\t\t\t\t\t\t\t\t\t\t<\/a>\n\t\t\t\t\t\t\t<a class=\"e-gallery-item elementor-gallery-item elementor-animated-content\" href=\"https:\/\/leventdunord.com\/wp-content\/uploads\/2025\/11\/12-les-voix-du-vent-photo-aramusique.jpg\" data-elementor-open-lightbox=\"yes\" data-elementor-lightbox-slideshow=\"2660f2b\" data-elementor-lightbox-title=\"12-les-voix-du-vent-photo-aramusique\" data-e-action-hash=\"#elementor-action%3Aaction%3Dlightbox%26settings%3DeyJpZCI6MjY5NDA5LCJ1cmwiOiJodHRwczpcL1wvbGV2ZW50ZHVub3JkLmNvbVwvd3AtY29udGVudFwvdXBsb2Fkc1wvMjAyNVwvMTFcLzEyLWxlcy12b2l4LWR1LXZlbnQtcGhvdG8tYXJhbXVzaXF1ZS5qcGciLCJzbGlkZXNob3ciOiIyNjYwZjJiIn0%3D\">\n\t\t\t\t\t<div class=\"e-gallery-image elementor-gallery-item__image\" data-thumbnail=\"https:\/\/leventdunord.com\/wp-content\/uploads\/2025\/11\/12-les-voix-du-vent-photo-aramusique-600x400.jpg\" data-width=\"600\" data-height=\"400\" aria-label=\"\" role=\"img\" ><\/div>\n\t\t\t\t\t\t\t\t\t\t\t<div class=\"elementor-gallery-item__overlay\"><\/div>\n\t\t\t\t\t\t\t\t\t\t\t\t\t\t<\/a>\n\t\t\t\t\t\t\t<a class=\"e-gallery-item elementor-gallery-item elementor-animated-content\" href=\"https:\/\/leventdunord.com\/wp-content\/uploads\/2025\/11\/14-les-voix-du-vent-photo-aramusique.jpg\" data-elementor-open-lightbox=\"yes\" data-elementor-lightbox-slideshow=\"2660f2b\" data-elementor-lightbox-title=\"14-les-voix-du-vent-photo-aramusique\" data-e-action-hash=\"#elementor-action%3Aaction%3Dlightbox%26settings%3DeyJpZCI6MjY5NDEzLCJ1cmwiOiJodHRwczpcL1wvbGV2ZW50ZHVub3JkLmNvbVwvd3AtY29udGVudFwvdXBsb2Fkc1wvMjAyNVwvMTFcLzE0LWxlcy12b2l4LWR1LXZlbnQtcGhvdG8tYXJhbXVzaXF1ZS5qcGciLCJzbGlkZXNob3ciOiIyNjYwZjJiIn0%3D\">\n\t\t\t\t\t<div class=\"e-gallery-image elementor-gallery-item__image\" data-thumbnail=\"https:\/\/leventdunord.com\/wp-content\/uploads\/2025\/11\/14-les-voix-du-vent-photo-aramusique-600x400.jpg\" data-width=\"600\" data-height=\"400\" aria-label=\"\" role=\"img\" ><\/div>\n\t\t\t\t\t\t\t\t\t\t\t<div class=\"elementor-gallery-item__overlay\"><\/div>\n\t\t\t\t\t\t\t\t\t\t\t\t\t\t<\/a>\n\t\t\t\t\t\t\t<a class=\"e-gallery-item elementor-gallery-item elementor-animated-content\" href=\"https:\/\/leventdunord.com\/wp-content\/uploads\/2025\/11\/11-les-voix-du-vent-photo-aramusique.jpg\" data-elementor-open-lightbox=\"yes\" data-elementor-lightbox-slideshow=\"2660f2b\" data-elementor-lightbox-title=\"11-les-voix-du-vent-photo-aramusique\" data-e-action-hash=\"#elementor-action%3Aaction%3Dlightbox%26settings%3DeyJpZCI6MjY5NDA3LCJ1cmwiOiJodHRwczpcL1wvbGV2ZW50ZHVub3JkLmNvbVwvd3AtY29udGVudFwvdXBsb2Fkc1wvMjAyNVwvMTFcLzExLWxlcy12b2l4LWR1LXZlbnQtcGhvdG8tYXJhbXVzaXF1ZS5qcGciLCJzbGlkZXNob3ciOiIyNjYwZjJiIn0%3D\">\n\t\t\t\t\t<div class=\"e-gallery-image elementor-gallery-item__image\" data-thumbnail=\"https:\/\/leventdunord.com\/wp-content\/uploads\/2025\/11\/11-les-voix-du-vent-photo-aramusique-600x400.jpg\" data-width=\"600\" data-height=\"400\" aria-label=\"\" role=\"img\" ><\/div>\n\t\t\t\t\t\t\t\t\t\t\t<div class=\"elementor-gallery-item__overlay\"><\/div>\n\t\t\t\t\t\t\t\t\t\t\t\t\t\t<\/a>\n\t\t\t\t\t\t\t<a class=\"e-gallery-item elementor-gallery-item elementor-animated-content\" href=\"https:\/\/leventdunord.com\/wp-content\/uploads\/2024\/03\/les-voix-du-vent-2023-spectacle-img-0030.jpg\" data-elementor-open-lightbox=\"yes\" data-elementor-lightbox-slideshow=\"2660f2b\" data-elementor-lightbox-title=\"les-voix-du-vent-2023-spectacle-img-0030\" data-e-action-hash=\"#elementor-action%3Aaction%3Dlightbox%26settings%3DeyJpZCI6MjY4MDYwLCJ1cmwiOiJodHRwczpcL1wvbGV2ZW50ZHVub3JkLmNvbVwvd3AtY29udGVudFwvdXBsb2Fkc1wvMjAyNFwvMDNcL2xlcy12b2l4LWR1LXZlbnQtMjAyMy1zcGVjdGFjbGUtaW1nLTAwMzAuanBnIiwic2xpZGVzaG93IjoiMjY2MGYyYiJ9\">\n\t\t\t\t\t<div class=\"e-gallery-image elementor-gallery-item__image\" data-thumbnail=\"https:\/\/leventdunord.com\/wp-content\/uploads\/2024\/03\/les-voix-du-vent-2023-spectacle-img-0030-600x400.jpg\" data-width=\"600\" data-height=\"400\" aria-label=\"\" role=\"img\" ><\/div>\n\t\t\t\t\t\t\t\t\t\t\t<div class=\"elementor-gallery-item__overlay\"><\/div>\n\t\t\t\t\t\t\t\t\t\t\t\t\t\t<\/a>\n\t\t\t\t\t\t\t<a class=\"e-gallery-item elementor-gallery-item elementor-animated-content\" href=\"https:\/\/leventdunord.com\/wp-content\/uploads\/2024\/03\/les-voix-du-vent-2023-spectacle-a71p0234.jpg\" data-elementor-open-lightbox=\"yes\" data-elementor-lightbox-slideshow=\"2660f2b\" data-elementor-lightbox-title=\"les-voix-du-vent-2023-spectacle-a71p0234\" data-e-action-hash=\"#elementor-action%3Aaction%3Dlightbox%26settings%3DeyJpZCI6MjY4MDU0LCJ1cmwiOiJodHRwczpcL1wvbGV2ZW50ZHVub3JkLmNvbVwvd3AtY29udGVudFwvdXBsb2Fkc1wvMjAyNFwvMDNcL2xlcy12b2l4LWR1LXZlbnQtMjAyMy1zcGVjdGFjbGUtYTcxcDAyMzQuanBnIiwic2xpZGVzaG93IjoiMjY2MGYyYiJ9\">\n\t\t\t\t\t<div class=\"e-gallery-image elementor-gallery-item__image\" data-thumbnail=\"https:\/\/leventdunord.com\/wp-content\/uploads\/2024\/03\/les-voix-du-vent-2023-spectacle-a71p0234-600x400.jpg\" data-width=\"600\" data-height=\"400\" aria-label=\"\" role=\"img\" ><\/div>\n\t\t\t\t\t\t\t\t\t\t\t<div class=\"elementor-gallery-item__overlay\"><\/div>\n\t\t\t\t\t\t\t\t\t\t\t\t\t\t<\/a>\n\t\t\t\t\t\t\t<a class=\"e-gallery-item elementor-gallery-item elementor-animated-content\" href=\"https:\/\/leventdunord.com\/wp-content\/uploads\/2024\/03\/les-voix-du-vent-2023-spectacle-img-0298.jpg\" data-elementor-open-lightbox=\"yes\" data-elementor-lightbox-slideshow=\"2660f2b\" data-elementor-lightbox-title=\"les-voix-du-vent-2023-spectacle-img-0298\" data-e-action-hash=\"#elementor-action%3Aaction%3Dlightbox%26settings%3DeyJpZCI6MjY4MDYyLCJ1cmwiOiJodHRwczpcL1wvbGV2ZW50ZHVub3JkLmNvbVwvd3AtY29udGVudFwvdXBsb2Fkc1wvMjAyNFwvMDNcL2xlcy12b2l4LWR1LXZlbnQtMjAyMy1zcGVjdGFjbGUtaW1nLTAyOTguanBnIiwic2xpZGVzaG93IjoiMjY2MGYyYiJ9\">\n\t\t\t\t\t<div class=\"e-gallery-image elementor-gallery-item__image\" data-thumbnail=\"https:\/\/leventdunord.com\/wp-content\/uploads\/2024\/03\/les-voix-du-vent-2023-spectacle-img-0298-600x400.jpg\" data-width=\"600\" data-height=\"400\" aria-label=\"\" role=\"img\" ><\/div>\n\t\t\t\t\t\t\t\t\t\t\t<div class=\"elementor-gallery-item__overlay\"><\/div>\n\t\t\t\t\t\t\t\t\t\t\t\t\t\t<\/a>\n\t\t\t\t\t<\/div>\n\t\t\t\t\t<\/div>\n\t\t\t\t<\/div>\n\t\t\t\t<div class=\"elementor-element elementor-element-167aa2d elementor-widget elementor-widget-text-editor\" data-id=\"167aa2d\" data-element_type=\"widget\" data-e-type=\"widget\" data-widget_type=\"text-editor.default\">\n\t\t\t\t<div class=\"elementor-widget-container\">\n\t\t\t\t\t\t\t\t\t<p>Credit: <strong>AraMusique<\/strong> and\u00a0<strong>No\u00e9mie Martineau<\/strong><\/p>\n\t\t\t\t\t\t\t\t<\/div>\n\t\t\t\t<\/div>\n\t\t\t\t<\/div>\n\t\t\t\t<\/div>\n\t\t<div class=\"elementor-element elementor-element-3e69c21 e-flex e-con-boxed e-con e-parent\" data-id=\"3e69c21\" data-element_type=\"container\" data-e-type=\"container\">\n\t\t\t\t\t<div class=\"e-con-inner\">\n\t\t<div class=\"elementor-element elementor-element-c85d01c e-con-full e-flex e-con e-child\" data-id=\"c85d01c\" data-element_type=\"container\" data-e-type=\"container\">\n\t\t\t\t<div class=\"elementor-element elementor-element-abcc5ab elementor-align-center elementor-widget elementor-widget-button\" data-id=\"abcc5ab\" data-element_type=\"widget\" data-e-type=\"widget\" data-widget_type=\"button.default\">\n\t\t\t\t<div class=\"elementor-widget-container\">\n\t\t\t\t\t\t\t\t\t<div class=\"elementor-button-wrapper\">\n\t\t\t\t\t<a class=\"elementor-button elementor-button-link elementor-size-lg\" href=\"https:\/\/leventdunord.com\/en\/projects\/\">\n\t\t\t\t\t\t<span class=\"elementor-button-content-wrapper\">\n\t\t\t\t\t\t\t\t\t<span class=\"elementor-button-text\">Other projects<\/span>\n\t\t\t\t\t<\/span>\n\t\t\t\t\t<\/a>\n\t\t\t\t<\/div>\n\t\t\t\t\t\t\t\t<\/div>\n\t\t\t\t<\/div>\n\t\t\t\t<\/div>\n\t\t\t\t\t<\/div>\n\t\t\t\t<\/div>\n\t\t\t\t<\/div>\n\t\t","protected":false},"excerpt":{"rendered":"<p>LES VOIX DU VENTAVEC CORDES ET PIANO Les Voix du Vent avec cordes et piano by Le Vent du Nord, Le Quatuor Trad, Philippe Prud'homme Special project of meeting between folk and classic. Le Vent du Nord, the Trad quartet, and the pianist Philippe Prud\u2019homme. Traditional album of the year 2023\u00a0(ADISQ) Buy Quotes \u201cThe combination [&hellip;]<\/p>\n","protected":false},"author":5,"featured_media":266789,"parent":265114,"menu_order":0,"comment_status":"closed","ping_status":"closed","template":"elementor_header_footer","meta":{"footnotes":""},"class_list":["post-265294","page","type-page","status-publish","has-post-thumbnail","hentry"],"_links":{"self":[{"href":"https:\/\/leventdunord.com\/en\/wp-json\/wp\/v2\/pages\/265294","targetHints":{"allow":["GET"]}}],"collection":[{"href":"https:\/\/leventdunord.com\/en\/wp-json\/wp\/v2\/pages"}],"about":[{"href":"https:\/\/leventdunord.com\/en\/wp-json\/wp\/v2\/types\/page"}],"author":[{"embeddable":true,"href":"https:\/\/leventdunord.com\/en\/wp-json\/wp\/v2\/users\/5"}],"replies":[{"embeddable":true,"href":"https:\/\/leventdunord.com\/en\/wp-json\/wp\/v2\/comments?post=265294"}],"version-history":[{"count":5,"href":"https:\/\/leventdunord.com\/en\/wp-json\/wp\/v2\/pages\/265294\/revisions"}],"predecessor-version":[{"id":269652,"href":"https:\/\/leventdunord.com\/en\/wp-json\/wp\/v2\/pages\/265294\/revisions\/269652"}],"up":[{"embeddable":true,"href":"https:\/\/leventdunord.com\/en\/wp-json\/wp\/v2\/pages\/265114"}],"wp:featuredmedia":[{"embeddable":true,"href":"https:\/\/leventdunord.com\/en\/wp-json\/wp\/v2\/media\/266789"}],"wp:attachment":[{"href":"https:\/\/leventdunord.com\/en\/wp-json\/wp\/v2\/media?parent=265294"}],"curies":[{"name":"wp","href":"https:\/\/api.w.org\/{rel}","templated":true}]}}